{"id":242,"date":"2024-03-28T20:44:33","date_gmt":"2024-03-28T18:44:33","guid":{"rendered":"https:\/\/www.elkmerkwaardig.nl\/emwalhalla\/?page_id=242"},"modified":"2026-03-11T12:34:55","modified_gmt":"2026-03-11T10:34:55","slug":"das-reich-der-unbekannte-und-unterbewertete-autos","status":"publish","type":"page","link":"https:\/\/www.elkmerkwaardig.nl\/emwalhalla\/das-reich-der-unbekannte-und-unterbewertete-autos\/","title":{"rendered":"Das Reich der unbekannte und unterbewertete Autos"},"content":{"rendered":"\n<p class=\"has-text-align-center\"><em>Stimuliert von dem Verein &#8220;<a href=\"https:\/\/www.elkmerkwaardig.nl\">Elk Merk Waardig<\/a><\/em>&#8220;<\/p>\n\n\n\n<figure class=\"wp-block-table is-style-stripes\"><table><tbody><tr><td class=\"has-text-align-right\" data-align=\"right\"><a href=\"https:\/\/www.elkmerkwaardig.nl\/emwalhalla\/emwalhalla-heaven-for-unknown-undesired-and-underappreciated-cars\/\"><img decoding=\"async\" width=\"128\" height=\"128\" class=\"wp-image-247\" style=\"width: 128px;\" src=\"https:\/\/www.elkmerkwaardig.nl\/emwalhalla\/wp-content\/uploads\/sites\/8\/2024\/03\/EMWalhalla-English.png\" alt=\"\"><\/a><\/td><td><a href=\"https:\/\/www.emwalhalla.nl\"><img decoding=\"async\" width=\"128\" height=\"128\" class=\"wp-image-248\" style=\"width: 128px;\" src=\"https:\/\/www.elkmerkwaardig.nl\/emwalhalla\/wp-content\/uploads\/sites\/8\/2024\/03\/EMWalhalla-Nederlands.png\" alt=\"\"><\/a><a href=\"https:\/\/www.elkmerkwaardig.nl\/emwalhalla\/emwalhalla-heaven-for-unknown-undesired-and-underappreciated-cars\/\"><\/a><a href=\"https:\/\/www.elkmerkwaardig.nl\/emwalhalla\/emwalhalla-heaven-for-unknown-undesired-and-underappreciated-cars\/\"><\/a><\/td><\/tr><\/tbody><\/table><\/figure>\n\n\n\n<div class=\"content_countdown\" id=\"main_countedown_1\"><div class=\"countdown\">\n\t\t\t\t<span class=\"element_conteiner\"><span  class=\"days time_left\">09<\/span><span class=\"time_description\">Dagen<\/span><\/span>\n\t\t\t\t<span class=\"element_conteiner\"><span  class=\"hourse time_left\">08<\/span><span class=\"time_description\">Uren<\/span><\/span>\n\t\t\t\t<span class=\"element_conteiner\"><span  class=\"minutes time_left\">26<\/span><span class=\"time_description\">Minuten<\/span><\/span>\n\t\t\t\t<span class=\"element_conteiner\"><span  class=\"secondes time_left\">07<\/span><span class=\"time_description\">Seconden<\/span><\/span>\n\t\t\t<\/div><\/div><script>\n        document.addEventListener('DOMContentLoaded', function(event) {\t\t\twpdevart_countdown_animated_element('','main_countedown_1'); jQuery(window).scroll(function(){wpdevart_countdown_animated_element('','main_countedown_1');});\n\t\t\tsetInterval(function(){countdown_wpdevart_timer('main_countedown_1');},1000);\n\t\t});\n\t\t<\/script><style>#main_countedown_1 .countdown{text-align:center;}#main_countedown_1 .countdown{margin-top:10px;margin-bottom:15px}#main_countedown_1 .time_left{\r\nborder-radius:8px;\r\nbackground-color:#3DA8CC;\r\nfont-size:30px;\r\nfont-family:monospace;\r\ncolor:#ec954d;\r\n}\r\n#main_countedown_1 .time_description{\r\nfont-size:22px;\r\nfont-family:monospace;\r\ncolor:#ec954d;\r\n}\r\n#main_countedown_1 .element_conteiner{min-width:105px}<\/style>\n\n\n\n<p class=\"has-text-align-center\">Samstag, den 9. Mai 2026 | 10AM &#8211; 3PM | Louwman&#8217;s Toyota World | <a href=\"https:\/\/goo.gl\/maps\/6xT9ajiz1GGjwxPW9\">Steurweg 8, Raamsdonksveer<\/a>, Die Niederlande \u2022 Eintritt frei<\/p>\n\n\n\n<p class=\"has-text-align-center\"><a href=\"https:\/\/elcovandermeer.com\/wp-content\/uploads\/EMWalhalla-2026-powered-by-Elk-Merk-Waardig.ics\" data-type=\"link\" data-id=\"https:\/\/www.elkmerkwaardig.nl\/wp-content\/uploads\/EMWalhalla%202025%20-%20door%20Vereniging%20Elk%20Merk%20Waardig.ics\" target=\"_blank\" rel=\"noreferrer noopener\">\ud83d\udcc5 F\u00fcge den Termin in dein Agenda hinzu<\/a><\/p>\n\n\n\n<p class=\"has-text-align-center\"><em>Fragen? <a href=\"mailto:pr@elkmerkwaardig.nl?subject=Vraag EMWalhalla\">pr@elkmerkwaardig.nl<\/a> or call <a href=\"tel:06-53 53 63 28\" target=\"_blank\" rel=\"noreferrer noopener\">06-53 53 63 28<\/a><\/em><\/p>\n\n\n\n<h2 class=\"wp-block-heading\"><strong>Was ist das denn?<\/strong><\/h2>\n\n\n\n<p>Manche nennen das EMWalhalla ein Ereignis, wir nennen es ein lustige Ausflug f\u00fcr die Ausgesto\u00dfene des Verkehrs. Die Autos wovon die Eigent\u00fcmer immer wieder seine Wahl verteidigen soll.<\/p>\n\n\n\n<p>Ein gut gemeinntes Konzept das einfach schlecht gelaufen ist, eine Exote welche sich nie in Europa beweisen konnte, ein Marketingflopp, ein Freak von einem Hersteller der in seine Scheune leider kein Geld mehr hatte um sein Produkt zu Promoten, oder ein Massenprodukt welche fr\u00fcher ganze Familien geliebt haben, aber jetzt als sehr muffig gesehen werden.<\/p>\n\n\n\n<p>Beispiele? Viele. Von Renault 14 bis Talbot Tagora, von Volkswagen K70 bis Mercedes-Benz Vaneo, von Fiat Tempra bis Alfa Romeo Arna, von Saab 9-4X bis Volvo 440, von Hyundai Pony bis Kia Opirus, von Buick Reatta bir Mercury Sable, von Nissan Cube bis Subaru XT, und von SEAt Malaga bis Skoda Roomster. Und so k\u00f6nnen wir noch ne Stunde weiter gehen.<\/p>\n\n\n\n<figure class=\"wp-block-gallery has-nested-images columns-default is-cropped wp-block-gallery-1 is-layout-flex wp-block-gallery-is-layout-flex\">\n<figure class=\"wp-block-image size-large\"><img fetchpriority=\"high\" decoding=\"async\" width=\"2160\" height=\"1446\" data-id=\"66\" src=\"https:\/\/www.elkmerkwaardig.nl\/emwalhalla\/wp-content\/uploads\/sites\/8\/2022\/03\/Volvo.jpg\" alt=\"\" class=\"wp-image-66\" srcset=\"https:\/\/www.elkmerkwaardig.nl\/emwalhalla\/wp-content\/uploads\/sites\/8\/2022\/03\/Volvo.jpg 2160w, https:\/\/www.elkmerkwaardig.nl\/emwalhalla\/wp-content\/uploads\/sites\/8\/2022\/03\/Volvo-300x201.jpg 300w, https:\/\/www.elkmerkwaardig.nl\/emwalhalla\/wp-content\/uploads\/sites\/8\/2022\/03\/Volvo-1024x686.jpg 1024w, https:\/\/www.elkmerkwaardig.nl\/emwalhalla\/wp-content\/uploads\/sites\/8\/2022\/03\/Volvo-768x514.jpg 768w, https:\/\/www.elkmerkwaardig.nl\/emwalhalla\/wp-content\/uploads\/sites\/8\/2022\/03\/Volvo-1536x1028.jpg 1536w, https:\/\/www.elkmerkwaardig.nl\/emwalhalla\/wp-content\/uploads\/sites\/8\/2022\/03\/Volvo-2048x1371.jpg 2048w\" sizes=\"(max-width: 2160px) 100vw, 2160px\" \/><\/figure>\n\n\n\n<figure class=\"wp-block-image size-large\"><img loading=\"lazy\" decoding=\"async\" width=\"1024\" height=\"686\" data-id=\"53\" src=\"https:\/\/www.elkmerkwaardig.nl\/emwalhalla\/wp-content\/uploads\/sites\/8\/2022\/03\/Nissan-1024x686.jpg\" alt=\"\" class=\"wp-image-53\" srcset=\"https:\/\/www.elkmerkwaardig.nl\/emwalhalla\/wp-content\/uploads\/sites\/8\/2022\/03\/Nissan-1024x686.jpg 1024w, https:\/\/www.elkmerkwaardig.nl\/emwalhalla\/wp-content\/uploads\/sites\/8\/2022\/03\/Nissan-300x201.jpg 300w, https:\/\/www.elkmerkwaardig.nl\/emwalhalla\/wp-content\/uploads\/sites\/8\/2022\/03\/Nissan-768x514.jpg 768w, https:\/\/www.elkmerkwaardig.nl\/emwalhalla\/wp-content\/uploads\/sites\/8\/2022\/03\/Nissan-1536x1028.jpg 1536w, https:\/\/www.elkmerkwaardig.nl\/emwalhalla\/wp-content\/uploads\/sites\/8\/2022\/03\/Nissan-2048x1371.jpg 2048w\" sizes=\"(max-width: 1024px) 100vw, 1024px\" \/><\/figure>\n\n\n\n<figure class=\"wp-block-image size-large\"><img loading=\"lazy\" decoding=\"async\" width=\"2160\" height=\"1441\" data-id=\"67\" src=\"https:\/\/www.elkmerkwaardig.nl\/emwalhalla\/wp-content\/uploads\/sites\/8\/2022\/03\/Yugo.jpg\" alt=\"\" class=\"wp-image-67\" srcset=\"https:\/\/www.elkmerkwaardig.nl\/emwalhalla\/wp-content\/uploads\/sites\/8\/2022\/03\/Yugo.jpg 2160w, https:\/\/www.elkmerkwaardig.nl\/emwalhalla\/wp-content\/uploads\/sites\/8\/2022\/03\/Yugo-300x200.jpg 300w, https:\/\/www.elkmerkwaardig.nl\/emwalhalla\/wp-content\/uploads\/sites\/8\/2022\/03\/Yugo-1024x683.jpg 1024w, https:\/\/www.elkmerkwaardig.nl\/emwalhalla\/wp-content\/uploads\/sites\/8\/2022\/03\/Yugo-768x512.jpg 768w, https:\/\/www.elkmerkwaardig.nl\/emwalhalla\/wp-content\/uploads\/sites\/8\/2022\/03\/Yugo-1536x1025.jpg 1536w, https:\/\/www.elkmerkwaardig.nl\/emwalhalla\/wp-content\/uploads\/sites\/8\/2022\/03\/Yugo-2048x1366.jpg 2048w\" sizes=\"(max-width: 2160px) 100vw, 2160px\" \/><\/figure>\n<\/figure>\n\n\n\n<h2 class=\"wp-block-heading\"><strong>Was ist EMWalhalla?<\/strong><\/h2>\n\n\n\n<p>Es gibt ein Podest an all diese vergessene und unbeliebte Autos. Endlich d\u00fcrfen diese Ausgesto\u00dfene des Verkehrs Komplimente empfangen, w\u00e4hrend sie sich eigentlich schon hingelegt haben bei den Fakt das dies nie wieder passieren wurde!<\/p>\n\n\n\n<p>Darum herum bauen wir viele sch\u00f6ne Aktivit\u00e4ten, wie der dynamische Show \u201cFlop Gear\u201d, das Probefahrtzentrum \u201cStuurlui aan wal\u201d ( Steuerm\u00e4nner an Land ) und die Ausstellung mit das Thema \u201c100 Jahre Louwman &amp; Parqui\u201d.<\/p>\n\n\n\n<p>F\u00fcr das Catering wird nat\u00fcrlich gesorgt, weil wir sehen das als unseren Pflicht dies zu regeln. Oh ja, nicht vergessen, die Eintritt f\u00fcr das fabelhafte Museum Louwman Toyota World geht auf unsere Kosten.<\/p>\n\n\n\n<figure class=\"wp-block-gallery has-nested-images columns-default is-cropped wp-block-gallery-2 is-layout-flex wp-block-gallery-is-layout-flex\">\n<figure class=\"wp-block-image size-large\"><img loading=\"lazy\" decoding=\"async\" width=\"2160\" height=\"1441\" data-id=\"62\" src=\"https:\/\/www.elkmerkwaardig.nl\/emwalhalla\/wp-content\/uploads\/sites\/8\/2022\/03\/Suzuki.jpg\" alt=\"\" class=\"wp-image-62\" srcset=\"https:\/\/www.elkmerkwaardig.nl\/emwalhalla\/wp-content\/uploads\/sites\/8\/2022\/03\/Suzuki.jpg 2160w, https:\/\/www.elkmerkwaardig.nl\/emwalhalla\/wp-content\/uploads\/sites\/8\/2022\/03\/Suzuki-300x200.jpg 300w, https:\/\/www.elkmerkwaardig.nl\/emwalhalla\/wp-content\/uploads\/sites\/8\/2022\/03\/Suzuki-1024x683.jpg 1024w, https:\/\/www.elkmerkwaardig.nl\/emwalhalla\/wp-content\/uploads\/sites\/8\/2022\/03\/Suzuki-768x512.jpg 768w, https:\/\/www.elkmerkwaardig.nl\/emwalhalla\/wp-content\/uploads\/sites\/8\/2022\/03\/Suzuki-1536x1025.jpg 1536w, https:\/\/www.elkmerkwaardig.nl\/emwalhalla\/wp-content\/uploads\/sites\/8\/2022\/03\/Suzuki-2048x1366.jpg 2048w\" sizes=\"(max-width: 2160px) 100vw, 2160px\" \/><\/figure>\n\n\n\n<figure class=\"wp-block-image size-large\"><img loading=\"lazy\" decoding=\"async\" width=\"2160\" height=\"1446\" data-id=\"60\" src=\"https:\/\/www.elkmerkwaardig.nl\/emwalhalla\/wp-content\/uploads\/sites\/8\/2022\/03\/Silhouette03.jpg\" alt=\"\" class=\"wp-image-60\" srcset=\"https:\/\/www.elkmerkwaardig.nl\/emwalhalla\/wp-content\/uploads\/sites\/8\/2022\/03\/Silhouette03.jpg 2160w, https:\/\/www.elkmerkwaardig.nl\/emwalhalla\/wp-content\/uploads\/sites\/8\/2022\/03\/Silhouette03-300x201.jpg 300w, https:\/\/www.elkmerkwaardig.nl\/emwalhalla\/wp-content\/uploads\/sites\/8\/2022\/03\/Silhouette03-1024x686.jpg 1024w, https:\/\/www.elkmerkwaardig.nl\/emwalhalla\/wp-content\/uploads\/sites\/8\/2022\/03\/Silhouette03-768x514.jpg 768w, https:\/\/www.elkmerkwaardig.nl\/emwalhalla\/wp-content\/uploads\/sites\/8\/2022\/03\/Silhouette03-1536x1028.jpg 1536w, https:\/\/www.elkmerkwaardig.nl\/emwalhalla\/wp-content\/uploads\/sites\/8\/2022\/03\/Silhouette03-2048x1371.jpg 2048w\" sizes=\"(max-width: 2160px) 100vw, 2160px\" \/><\/figure>\n\n\n\n<figure class=\"wp-block-image size-large\"><img loading=\"lazy\" decoding=\"async\" width=\"2160\" height=\"1441\" data-id=\"57\" src=\"https:\/\/www.elkmerkwaardig.nl\/emwalhalla\/wp-content\/uploads\/sites\/8\/2022\/03\/Renault.jpg\" alt=\"\" class=\"wp-image-57\" srcset=\"https:\/\/www.elkmerkwaardig.nl\/emwalhalla\/wp-content\/uploads\/sites\/8\/2022\/03\/Renault.jpg 2160w, https:\/\/www.elkmerkwaardig.nl\/emwalhalla\/wp-content\/uploads\/sites\/8\/2022\/03\/Renault-300x200.jpg 300w, https:\/\/www.elkmerkwaardig.nl\/emwalhalla\/wp-content\/uploads\/sites\/8\/2022\/03\/Renault-1024x683.jpg 1024w, https:\/\/www.elkmerkwaardig.nl\/emwalhalla\/wp-content\/uploads\/sites\/8\/2022\/03\/Renault-768x512.jpg 768w, https:\/\/www.elkmerkwaardig.nl\/emwalhalla\/wp-content\/uploads\/sites\/8\/2022\/03\/Renault-1536x1025.jpg 1536w, https:\/\/www.elkmerkwaardig.nl\/emwalhalla\/wp-content\/uploads\/sites\/8\/2022\/03\/Renault-2048x1366.jpg 2048w\" sizes=\"(max-width: 2160px) 100vw, 2160px\" \/><\/figure>\n<\/figure>\n\n\n\n<h2 class=\"wp-block-heading\"><strong>Wer sind \u201cWir\u201d<\/strong><\/h2>\n\n\n\n<p>Nat\u00fcrlich zuerst dichselber, sonnst h\u00e4ttest du warscheinlich diese Seite nicht besucht. Das EMWalhalla ist frei und ohne Eintritt, also gratis, zu besuchen f\u00fcr jede der die vergessene und unbeliebte Autos liebt und die fehlhafte Versuche der Industrie am Herzen liegt.<\/p>\n\n\n\n<p>Du brauchst nicht so ein Auto zu besitzen, aber sch\u00f6n w\u00e4re es nat\u00fcrlich, weil nur dann bekommst du einen Parkplatz auf das Ausstellungsgel\u00e4nde von Louwman. Sch\u00f6ne Gespr\u00e4che werden nat\u00fcrlich schnell kommen, weil jede spricht dieselbe Autosprache und hat echte Interesse in die Autos welche veranstaltet werden. Das echte \u201cWir\u201d-Gef\u00fchl, das ist uns sehr wichtig.<\/p>\n\n\n\n<p>Oh ja, wer sind wir? Elk Merk Waardig, oder Jede Marke W\u00fcrdig, der Verein f\u00fcr die vergessene,&nbsp; unbeliebte und ausgesto\u00dfene Autos. Organisator von EMWalhalla und \u00fcber alles der Gastgeber.<\/p>\n\n\n\n<figure class=\"wp-block-gallery has-nested-images columns-default is-cropped wp-block-gallery-3 is-layout-flex wp-block-gallery-is-layout-flex\">\n<figure class=\"wp-block-image size-large\"><img loading=\"lazy\" decoding=\"async\" width=\"2160\" height=\"1446\" data-id=\"59\" src=\"https:\/\/www.elkmerkwaardig.nl\/emwalhalla\/wp-content\/uploads\/sites\/8\/2022\/03\/SEAT.jpg\" alt=\"\" class=\"wp-image-59\" srcset=\"https:\/\/www.elkmerkwaardig.nl\/emwalhalla\/wp-content\/uploads\/sites\/8\/2022\/03\/SEAT.jpg 2160w, https:\/\/www.elkmerkwaardig.nl\/emwalhalla\/wp-content\/uploads\/sites\/8\/2022\/03\/SEAT-300x201.jpg 300w, https:\/\/www.elkmerkwaardig.nl\/emwalhalla\/wp-content\/uploads\/sites\/8\/2022\/03\/SEAT-1024x686.jpg 1024w, https:\/\/www.elkmerkwaardig.nl\/emwalhalla\/wp-content\/uploads\/sites\/8\/2022\/03\/SEAT-768x514.jpg 768w, https:\/\/www.elkmerkwaardig.nl\/emwalhalla\/wp-content\/uploads\/sites\/8\/2022\/03\/SEAT-1536x1028.jpg 1536w, https:\/\/www.elkmerkwaardig.nl\/emwalhalla\/wp-content\/uploads\/sites\/8\/2022\/03\/SEAT-2048x1371.jpg 2048w\" sizes=\"(max-width: 2160px) 100vw, 2160px\" \/><\/figure>\n\n\n\n<figure class=\"wp-block-image size-large\"><img loading=\"lazy\" decoding=\"async\" width=\"2160\" height=\"1441\" data-id=\"58\" src=\"https:\/\/www.elkmerkwaardig.nl\/emwalhalla\/wp-content\/uploads\/sites\/8\/2022\/03\/Rover.jpg\" alt=\"\" class=\"wp-image-58\" srcset=\"https:\/\/www.elkmerkwaardig.nl\/emwalhalla\/wp-content\/uploads\/sites\/8\/2022\/03\/Rover.jpg 2160w, https:\/\/www.elkmerkwaardig.nl\/emwalhalla\/wp-content\/uploads\/sites\/8\/2022\/03\/Rover-300x200.jpg 300w, https:\/\/www.elkmerkwaardig.nl\/emwalhalla\/wp-content\/uploads\/sites\/8\/2022\/03\/Rover-1024x683.jpg 1024w, https:\/\/www.elkmerkwaardig.nl\/emwalhalla\/wp-content\/uploads\/sites\/8\/2022\/03\/Rover-768x512.jpg 768w, https:\/\/www.elkmerkwaardig.nl\/emwalhalla\/wp-content\/uploads\/sites\/8\/2022\/03\/Rover-1536x1025.jpg 1536w, https:\/\/www.elkmerkwaardig.nl\/emwalhalla\/wp-content\/uploads\/sites\/8\/2022\/03\/Rover-2048x1366.jpg 2048w\" sizes=\"(max-width: 2160px) 100vw, 2160px\" \/><\/figure>\n\n\n\n<figure class=\"wp-block-image size-large\"><img loading=\"lazy\" decoding=\"async\" width=\"2160\" height=\"1446\" data-id=\"54\" src=\"https:\/\/www.elkmerkwaardig.nl\/emwalhalla\/wp-content\/uploads\/sites\/8\/2022\/03\/Opel.jpg\" alt=\"\" class=\"wp-image-54\" srcset=\"https:\/\/www.elkmerkwaardig.nl\/emwalhalla\/wp-content\/uploads\/sites\/8\/2022\/03\/Opel.jpg 2160w, https:\/\/www.elkmerkwaardig.nl\/emwalhalla\/wp-content\/uploads\/sites\/8\/2022\/03\/Opel-300x201.jpg 300w, https:\/\/www.elkmerkwaardig.nl\/emwalhalla\/wp-content\/uploads\/sites\/8\/2022\/03\/Opel-1024x686.jpg 1024w, https:\/\/www.elkmerkwaardig.nl\/emwalhalla\/wp-content\/uploads\/sites\/8\/2022\/03\/Opel-768x514.jpg 768w, https:\/\/www.elkmerkwaardig.nl\/emwalhalla\/wp-content\/uploads\/sites\/8\/2022\/03\/Opel-1536x1028.jpg 1536w, https:\/\/www.elkmerkwaardig.nl\/emwalhalla\/wp-content\/uploads\/sites\/8\/2022\/03\/Opel-2048x1371.jpg 2048w\" sizes=\"(max-width: 2160px) 100vw, 2160px\" \/><\/figure>\n<\/figure>\n\n\n\n<p><strong>Also eine Clubatmosph\u00e4re?<\/strong><\/p>\n\n\n\n<p>Absolutely, but we aren&#8217;t looking to isolate ourselves to a specific sub-genre. It&#8217;s the polar opposite! That&#8217;s exactly why we&#8217;ve brought the EMWalhalla to life, where other clubs and enthusiast groups are more than welcome.<\/p>\n\n\n\n<p>Does your club care about makes or models that have lived a long life in the shadows of the celebrated champions of the motoring world? Don&#8217;t hesitate to send us a message and bring as many members and merchandise as you possibly can to Louwman&#8217;s Toyota World.<\/p>\n\n\n\n<p>We only have one rule: A maximum of ten cars of the same make and model parked next to each other, because we want to provide as much diversity as possible to our visitors.<\/p>\n\n\n\n<figure class=\"wp-block-gallery has-nested-images columns-default is-cropped wp-block-gallery-4 is-layout-flex wp-block-gallery-is-layout-flex\">\n<figure class=\"wp-block-image size-large\"><img loading=\"lazy\" decoding=\"async\" width=\"2160\" height=\"1446\" data-id=\"47\" src=\"https:\/\/www.elkmerkwaardig.nl\/emwalhalla\/wp-content\/uploads\/sites\/8\/2022\/03\/Marcos-1.jpg\" alt=\"\" class=\"wp-image-47\" srcset=\"https:\/\/www.elkmerkwaardig.nl\/emwalhalla\/wp-content\/uploads\/sites\/8\/2022\/03\/Marcos-1.jpg 2160w, https:\/\/www.elkmerkwaardig.nl\/emwalhalla\/wp-content\/uploads\/sites\/8\/2022\/03\/Marcos-1-300x201.jpg 300w, https:\/\/www.elkmerkwaardig.nl\/emwalhalla\/wp-content\/uploads\/sites\/8\/2022\/03\/Marcos-1-1024x686.jpg 1024w, https:\/\/www.elkmerkwaardig.nl\/emwalhalla\/wp-content\/uploads\/sites\/8\/2022\/03\/Marcos-1-768x514.jpg 768w, https:\/\/www.elkmerkwaardig.nl\/emwalhalla\/wp-content\/uploads\/sites\/8\/2022\/03\/Marcos-1-1536x1028.jpg 1536w, https:\/\/www.elkmerkwaardig.nl\/emwalhalla\/wp-content\/uploads\/sites\/8\/2022\/03\/Marcos-1-2048x1371.jpg 2048w\" sizes=\"(max-width: 2160px) 100vw, 2160px\" \/><\/figure>\n\n\n\n<figure class=\"wp-block-image size-large\"><img loading=\"lazy\" decoding=\"async\" width=\"2160\" height=\"1441\" data-id=\"43\" src=\"https:\/\/www.elkmerkwaardig.nl\/emwalhalla\/wp-content\/uploads\/sites\/8\/2022\/03\/Isuzu.jpg\" alt=\"\" class=\"wp-image-43\" srcset=\"https:\/\/www.elkmerkwaardig.nl\/emwalhalla\/wp-content\/uploads\/sites\/8\/2022\/03\/Isuzu.jpg 2160w, https:\/\/www.elkmerkwaardig.nl\/emwalhalla\/wp-content\/uploads\/sites\/8\/2022\/03\/Isuzu-300x200.jpg 300w, https:\/\/www.elkmerkwaardig.nl\/emwalhalla\/wp-content\/uploads\/sites\/8\/2022\/03\/Isuzu-1024x683.jpg 1024w, https:\/\/www.elkmerkwaardig.nl\/emwalhalla\/wp-content\/uploads\/sites\/8\/2022\/03\/Isuzu-768x512.jpg 768w, https:\/\/www.elkmerkwaardig.nl\/emwalhalla\/wp-content\/uploads\/sites\/8\/2022\/03\/Isuzu-1536x1025.jpg 1536w, https:\/\/www.elkmerkwaardig.nl\/emwalhalla\/wp-content\/uploads\/sites\/8\/2022\/03\/Isuzu-2048x1366.jpg 2048w\" sizes=\"(max-width: 2160px) 100vw, 2160px\" \/><\/figure>\n\n\n\n<figure class=\"wp-block-image size-large\"><img loading=\"lazy\" decoding=\"async\" width=\"2160\" height=\"1441\" data-id=\"41\" src=\"https:\/\/www.elkmerkwaardig.nl\/emwalhalla\/wp-content\/uploads\/sites\/8\/2022\/03\/Honda.jpg\" alt=\"\" class=\"wp-image-41\" srcset=\"https:\/\/www.elkmerkwaardig.nl\/emwalhalla\/wp-content\/uploads\/sites\/8\/2022\/03\/Honda.jpg 2160w, https:\/\/www.elkmerkwaardig.nl\/emwalhalla\/wp-content\/uploads\/sites\/8\/2022\/03\/Honda-300x200.jpg 300w, https:\/\/www.elkmerkwaardig.nl\/emwalhalla\/wp-content\/uploads\/sites\/8\/2022\/03\/Honda-1024x683.jpg 1024w, https:\/\/www.elkmerkwaardig.nl\/emwalhalla\/wp-content\/uploads\/sites\/8\/2022\/03\/Honda-768x512.jpg 768w, https:\/\/www.elkmerkwaardig.nl\/emwalhalla\/wp-content\/uploads\/sites\/8\/2022\/03\/Honda-1536x1025.jpg 1536w, https:\/\/www.elkmerkwaardig.nl\/emwalhalla\/wp-content\/uploads\/sites\/8\/2022\/03\/Honda-2048x1366.jpg 2048w\" sizes=\"(max-width: 2160px) 100vw, 2160px\" \/><\/figure>\n<\/figure>\n\n\n\n<h2 class=\"wp-block-heading\"><strong>Gibt es eine Ballotagekommission?<\/strong><\/h2>\n\n\n\n<p>N\u00e4h\u2026 Wir sehen die Sachen nicht so Schwarz-Wei\u00df. Aber, du wei\u00dft nat\u00fcrlich selber das ein BMW 5-er, ein Lancia Delta Integrale, Tesla Model 3, Peugeot 205 GTI, Nissan 300ZX oder Chevrolet Corvette freundlich zu dem Besucherparkplatz dirigiert wird.<\/p>\n\n\n\n<p>\u00dcber manche Autos kann man sich streiten, aber wir sind zu bestechen mit einer wirklich gute Geschichte. Wenn fragen, meldet euch dann bitte vorab per E-mail und nicht streitet euch nicht mit die freundliche Helfer beim Tor. Der unbeliebte MINI Paceman kommt rein, ein normale MINI nicht. Sp\u00fcrst du den Unterschied?<\/p>\n\n\n\n<p>Wir wollen einfach Liebhaber eine Chance geben sch\u00f6ne vergessene und unbeliebte Klassiker, Autos, zu sehen und zu zeigen. Eine Altersgrenze haben wir nicht. Jeder wei\u00df schon das ein DS 9 oder Ford Flex kein Erfolg wird, also mitbringen!<\/p>\n\n\n\n<h2 class=\"wp-block-heading\"><strong>Wie steht es mit \u2026.<\/strong><\/h2>\n\n\n\n<ul class=\"wp-block-list\">\n<li>Die fremde Nahme? Ja sorry, aber bei Elk Merk Waardig ist es normal geworden um immer und \u00fcberall die Abk\u00fcrzung EMW zu benutzen.<\/li>\n\n\n\n<li>Eintrittsgeld? Das kennen wir nicht. Du darfst aber v\u00f6llig freiwillig etwas spenden um uns zu helfen alles zu finanzieren.<\/li>\n\n\n\n<li>Vorab anmelden? Das ist nicht notwendig, wir verstehen es sehr das du die Geburtstag deiner Schwiegermutter vergessen hast und hingehen sollst. Kommst du aber mit einer gro\u00dfe Gruppe oder Club, dan bitte ein Bericht vorab.<\/li>\n\n\n\n<li>Burn-out? Wenn du Krank bist, bleib bitte zu Hause und ruft einen Arzt an.<\/li>\n<\/ul>\n\n\n\n<figure class=\"wp-block-gallery has-nested-images columns-default is-cropped wp-block-gallery-5 is-layout-flex wp-block-gallery-is-layout-flex\">\n<figure class=\"wp-block-image size-large\"><img loading=\"lazy\" decoding=\"async\" width=\"2160\" height=\"1441\" data-id=\"52\" src=\"https:\/\/www.elkmerkwaardig.nl\/emwalhalla\/wp-content\/uploads\/sites\/8\/2022\/03\/Neckar.jpg\" alt=\"\" class=\"wp-image-52\" srcset=\"https:\/\/www.elkmerkwaardig.nl\/emwalhalla\/wp-content\/uploads\/sites\/8\/2022\/03\/Neckar.jpg 2160w, https:\/\/www.elkmerkwaardig.nl\/emwalhalla\/wp-content\/uploads\/sites\/8\/2022\/03\/Neckar-300x200.jpg 300w, https:\/\/www.elkmerkwaardig.nl\/emwalhalla\/wp-content\/uploads\/sites\/8\/2022\/03\/Neckar-1024x683.jpg 1024w, https:\/\/www.elkmerkwaardig.nl\/emwalhalla\/wp-content\/uploads\/sites\/8\/2022\/03\/Neckar-768x512.jpg 768w, https:\/\/www.elkmerkwaardig.nl\/emwalhalla\/wp-content\/uploads\/sites\/8\/2022\/03\/Neckar-1536x1025.jpg 1536w, https:\/\/www.elkmerkwaardig.nl\/emwalhalla\/wp-content\/uploads\/sites\/8\/2022\/03\/Neckar-2048x1366.jpg 2048w\" sizes=\"(max-width: 2160px) 100vw, 2160px\" \/><\/figure>\n\n\n\n<figure class=\"wp-block-image size-large\"><img loading=\"lazy\" decoding=\"async\" width=\"2160\" height=\"1446\" data-id=\"51\" src=\"https:\/\/www.elkmerkwaardig.nl\/emwalhalla\/wp-content\/uploads\/sites\/8\/2022\/03\/Monteverdi.jpg\" alt=\"\" class=\"wp-image-51\" srcset=\"https:\/\/www.elkmerkwaardig.nl\/emwalhalla\/wp-content\/uploads\/sites\/8\/2022\/03\/Monteverdi.jpg 2160w, https:\/\/www.elkmerkwaardig.nl\/emwalhalla\/wp-content\/uploads\/sites\/8\/2022\/03\/Monteverdi-300x201.jpg 300w, https:\/\/www.elkmerkwaardig.nl\/emwalhalla\/wp-content\/uploads\/sites\/8\/2022\/03\/Monteverdi-1024x686.jpg 1024w, https:\/\/www.elkmerkwaardig.nl\/emwalhalla\/wp-content\/uploads\/sites\/8\/2022\/03\/Monteverdi-768x514.jpg 768w, https:\/\/www.elkmerkwaardig.nl\/emwalhalla\/wp-content\/uploads\/sites\/8\/2022\/03\/Monteverdi-1536x1028.jpg 1536w, https:\/\/www.elkmerkwaardig.nl\/emwalhalla\/wp-content\/uploads\/sites\/8\/2022\/03\/Monteverdi-2048x1371.jpg 2048w\" sizes=\"(max-width: 2160px) 100vw, 2160px\" \/><\/figure>\n\n\n\n<figure class=\"wp-block-image size-large\"><img loading=\"lazy\" decoding=\"async\" width=\"2160\" height=\"1446\" data-id=\"50\" src=\"https:\/\/www.elkmerkwaardig.nl\/emwalhalla\/wp-content\/uploads\/sites\/8\/2022\/03\/Mitsubishi.jpg\" alt=\"\" class=\"wp-image-50\" srcset=\"https:\/\/www.elkmerkwaardig.nl\/emwalhalla\/wp-content\/uploads\/sites\/8\/2022\/03\/Mitsubishi.jpg 2160w, https:\/\/www.elkmerkwaardig.nl\/emwalhalla\/wp-content\/uploads\/sites\/8\/2022\/03\/Mitsubishi-300x201.jpg 300w, https:\/\/www.elkmerkwaardig.nl\/emwalhalla\/wp-content\/uploads\/sites\/8\/2022\/03\/Mitsubishi-1024x686.jpg 1024w, https:\/\/www.elkmerkwaardig.nl\/emwalhalla\/wp-content\/uploads\/sites\/8\/2022\/03\/Mitsubishi-768x514.jpg 768w, https:\/\/www.elkmerkwaardig.nl\/emwalhalla\/wp-content\/uploads\/sites\/8\/2022\/03\/Mitsubishi-1536x1028.jpg 1536w, https:\/\/www.elkmerkwaardig.nl\/emwalhalla\/wp-content\/uploads\/sites\/8\/2022\/03\/Mitsubishi-2048x1371.jpg 2048w\" sizes=\"(max-width: 2160px) 100vw, 2160px\" \/><\/figure>\n\n\n\n<figure class=\"wp-block-image size-large\"><img loading=\"lazy\" decoding=\"async\" width=\"2160\" height=\"1441\" data-id=\"49\" src=\"https:\/\/www.elkmerkwaardig.nl\/emwalhalla\/wp-content\/uploads\/sites\/8\/2022\/03\/Mazda.jpg\" alt=\"\" class=\"wp-image-49\" srcset=\"https:\/\/www.elkmerkwaardig.nl\/emwalhalla\/wp-content\/uploads\/sites\/8\/2022\/03\/Mazda.jpg 2160w, https:\/\/www.elkmerkwaardig.nl\/emwalhalla\/wp-content\/uploads\/sites\/8\/2022\/03\/Mazda-300x200.jpg 300w, https:\/\/www.elkmerkwaardig.nl\/emwalhalla\/wp-content\/uploads\/sites\/8\/2022\/03\/Mazda-1024x683.jpg 1024w, https:\/\/www.elkmerkwaardig.nl\/emwalhalla\/wp-content\/uploads\/sites\/8\/2022\/03\/Mazda-768x512.jpg 768w, https:\/\/www.elkmerkwaardig.nl\/emwalhalla\/wp-content\/uploads\/sites\/8\/2022\/03\/Mazda-1536x1025.jpg 1536w, https:\/\/www.elkmerkwaardig.nl\/emwalhalla\/wp-content\/uploads\/sites\/8\/2022\/03\/Mazda-2048x1366.jpg 2048w\" sizes=\"(max-width: 2160px) 100vw, 2160px\" \/><\/figure>\n\n\n\n<figure class=\"wp-block-image size-large\"><img loading=\"lazy\" decoding=\"async\" width=\"2160\" height=\"1446\" data-id=\"48\" src=\"https:\/\/www.elkmerkwaardig.nl\/emwalhalla\/wp-content\/uploads\/sites\/8\/2022\/03\/Matra.jpg\" alt=\"\" class=\"wp-image-48\" srcset=\"https:\/\/www.elkmerkwaardig.nl\/emwalhalla\/wp-content\/uploads\/sites\/8\/2022\/03\/Matra.jpg 2160w, https:\/\/www.elkmerkwaardig.nl\/emwalhalla\/wp-content\/uploads\/sites\/8\/2022\/03\/Matra-300x201.jpg 300w, https:\/\/www.elkmerkwaardig.nl\/emwalhalla\/wp-content\/uploads\/sites\/8\/2022\/03\/Matra-1024x686.jpg 1024w, https:\/\/www.elkmerkwaardig.nl\/emwalhalla\/wp-content\/uploads\/sites\/8\/2022\/03\/Matra-768x514.jpg 768w, https:\/\/www.elkmerkwaardig.nl\/emwalhalla\/wp-content\/uploads\/sites\/8\/2022\/03\/Matra-1536x1028.jpg 1536w, https:\/\/www.elkmerkwaardig.nl\/emwalhalla\/wp-content\/uploads\/sites\/8\/2022\/03\/Matra-2048x1371.jpg 2048w\" sizes=\"(max-width: 2160px) 100vw, 2160px\" \/><\/figure>\n\n\n\n<figure class=\"wp-block-image size-large\"><img loading=\"lazy\" decoding=\"async\" width=\"2160\" height=\"1446\" data-id=\"45\" src=\"https:\/\/www.elkmerkwaardig.nl\/emwalhalla\/wp-content\/uploads\/sites\/8\/2022\/03\/Lexus.jpg\" alt=\"\" class=\"wp-image-45\" srcset=\"https:\/\/www.elkmerkwaardig.nl\/emwalhalla\/wp-content\/uploads\/sites\/8\/2022\/03\/Lexus.jpg 2160w, https:\/\/www.elkmerkwaardig.nl\/emwalhalla\/wp-content\/uploads\/sites\/8\/2022\/03\/Lexus-300x201.jpg 300w, https:\/\/www.elkmerkwaardig.nl\/emwalhalla\/wp-content\/uploads\/sites\/8\/2022\/03\/Lexus-1024x686.jpg 1024w, https:\/\/www.elkmerkwaardig.nl\/emwalhalla\/wp-content\/uploads\/sites\/8\/2022\/03\/Lexus-768x514.jpg 768w, https:\/\/www.elkmerkwaardig.nl\/emwalhalla\/wp-content\/uploads\/sites\/8\/2022\/03\/Lexus-1536x1028.jpg 1536w, https:\/\/www.elkmerkwaardig.nl\/emwalhalla\/wp-content\/uploads\/sites\/8\/2022\/03\/Lexus-2048x1371.jpg 2048w\" sizes=\"(max-width: 2160px) 100vw, 2160px\" \/><\/figure>\n\n\n\n<figure class=\"wp-block-image size-large\"><img loading=\"lazy\" decoding=\"async\" width=\"2160\" height=\"1446\" data-id=\"44\" src=\"https:\/\/www.elkmerkwaardig.nl\/emwalhalla\/wp-content\/uploads\/sites\/8\/2022\/03\/Lancia.jpg\" alt=\"\" class=\"wp-image-44\" srcset=\"https:\/\/www.elkmerkwaardig.nl\/emwalhalla\/wp-content\/uploads\/sites\/8\/2022\/03\/Lancia.jpg 2160w, https:\/\/www.elkmerkwaardig.nl\/emwalhalla\/wp-content\/uploads\/sites\/8\/2022\/03\/Lancia-300x201.jpg 300w, https:\/\/www.elkmerkwaardig.nl\/emwalhalla\/wp-content\/uploads\/sites\/8\/2022\/03\/Lancia-1024x686.jpg 1024w, https:\/\/www.elkmerkwaardig.nl\/emwalhalla\/wp-content\/uploads\/sites\/8\/2022\/03\/Lancia-768x514.jpg 768w, https:\/\/www.elkmerkwaardig.nl\/emwalhalla\/wp-content\/uploads\/sites\/8\/2022\/03\/Lancia-1536x1028.jpg 1536w, https:\/\/www.elkmerkwaardig.nl\/emwalhalla\/wp-content\/uploads\/sites\/8\/2022\/03\/Lancia-2048x1371.jpg 2048w\" sizes=\"(max-width: 2160px) 100vw, 2160px\" \/><\/figure>\n\n\n\n<figure class=\"wp-block-image size-large\"><img loading=\"lazy\" decoding=\"async\" width=\"2160\" height=\"1446\" data-id=\"42\" src=\"https:\/\/www.elkmerkwaardig.nl\/emwalhalla\/wp-content\/uploads\/sites\/8\/2022\/03\/ISO.jpg\" alt=\"\" class=\"wp-image-42\" srcset=\"https:\/\/www.elkmerkwaardig.nl\/emwalhalla\/wp-content\/uploads\/sites\/8\/2022\/03\/ISO.jpg 2160w, https:\/\/www.elkmerkwaardig.nl\/emwalhalla\/wp-content\/uploads\/sites\/8\/2022\/03\/ISO-300x201.jpg 300w, https:\/\/www.elkmerkwaardig.nl\/emwalhalla\/wp-content\/uploads\/sites\/8\/2022\/03\/ISO-1024x686.jpg 1024w, https:\/\/www.elkmerkwaardig.nl\/emwalhalla\/wp-content\/uploads\/sites\/8\/2022\/03\/ISO-768x514.jpg 768w, https:\/\/www.elkmerkwaardig.nl\/emwalhalla\/wp-content\/uploads\/sites\/8\/2022\/03\/ISO-1536x1028.jpg 1536w, https:\/\/www.elkmerkwaardig.nl\/emwalhalla\/wp-content\/uploads\/sites\/8\/2022\/03\/ISO-2048x1371.jpg 2048w\" sizes=\"(max-width: 2160px) 100vw, 2160px\" \/><\/figure>\n\n\n\n<figure class=\"wp-block-image size-large\"><img loading=\"lazy\" decoding=\"async\" width=\"2160\" height=\"1446\" data-id=\"40\" src=\"https:\/\/www.elkmerkwaardig.nl\/emwalhalla\/wp-content\/uploads\/sites\/8\/2022\/03\/Ford.jpg\" alt=\"\" class=\"wp-image-40\" srcset=\"https:\/\/www.elkmerkwaardig.nl\/emwalhalla\/wp-content\/uploads\/sites\/8\/2022\/03\/Ford.jpg 2160w, https:\/\/www.elkmerkwaardig.nl\/emwalhalla\/wp-content\/uploads\/sites\/8\/2022\/03\/Ford-300x201.jpg 300w, https:\/\/www.elkmerkwaardig.nl\/emwalhalla\/wp-content\/uploads\/sites\/8\/2022\/03\/Ford-1024x686.jpg 1024w, https:\/\/www.elkmerkwaardig.nl\/emwalhalla\/wp-content\/uploads\/sites\/8\/2022\/03\/Ford-768x514.jpg 768w, https:\/\/www.elkmerkwaardig.nl\/emwalhalla\/wp-content\/uploads\/sites\/8\/2022\/03\/Ford-1536x1028.jpg 1536w, https:\/\/www.elkmerkwaardig.nl\/emwalhalla\/wp-content\/uploads\/sites\/8\/2022\/03\/Ford-2048x1371.jpg 2048w\" sizes=\"(max-width: 2160px) 100vw, 2160px\" \/><\/figure>\n\n\n\n<figure class=\"wp-block-image size-large is-style-rounded\"><img loading=\"lazy\" decoding=\"async\" width=\"2160\" height=\"1446\" data-id=\"39\" src=\"https:\/\/www.elkmerkwaardig.nl\/emwalhalla\/wp-content\/uploads\/sites\/8\/2022\/03\/Fiat.jpg\" alt=\"\" class=\"wp-image-39\" srcset=\"https:\/\/www.elkmerkwaardig.nl\/emwalhalla\/wp-content\/uploads\/sites\/8\/2022\/03\/Fiat.jpg 2160w, https:\/\/www.elkmerkwaardig.nl\/emwalhalla\/wp-content\/uploads\/sites\/8\/2022\/03\/Fiat-300x201.jpg 300w, https:\/\/www.elkmerkwaardig.nl\/emwalhalla\/wp-content\/uploads\/sites\/8\/2022\/03\/Fiat-1024x686.jpg 1024w, https:\/\/www.elkmerkwaardig.nl\/emwalhalla\/wp-content\/uploads\/sites\/8\/2022\/03\/Fiat-768x514.jpg 768w, https:\/\/www.elkmerkwaardig.nl\/emwalhalla\/wp-content\/uploads\/sites\/8\/2022\/03\/Fiat-1536x1028.jpg 1536w, https:\/\/www.elkmerkwaardig.nl\/emwalhalla\/wp-content\/uploads\/sites\/8\/2022\/03\/Fiat-2048x1371.jpg 2048w\" sizes=\"(max-width: 2160px) 100vw, 2160px\" \/><\/figure>\n<\/figure>\n","protected":false},"excerpt":{"rendered":"<p>Stimuliert von dem Verein &#8220;Elk Merk Waardig&#8220; Samstag, den 9. Mai 2026 | 10AM &#8211; 3PM | Louwman&#8217;s Toyota World | Steurweg 8, Raamsdonksveer, Die Niederlande \u2022 Eintritt frei \ud83d\udcc5 F\u00fcge den Termin in dein Agenda hinzu Fragen? pr@elkmerkwaardig.nl or call 06-53 53 63 28 Was ist das denn? Manche nennen das EMWalhalla ein Ereignis, &#8230; <a title=\"Das Reich der unbekannte und unterbewertete Autos\" class=\"read-more\" href=\"https:\/\/www.elkmerkwaardig.nl\/emwalhalla\/das-reich-der-unbekannte-und-unterbewertete-autos\/\">Read more<span class=\"screen-reader-text\">Das Reich der unbekannte und unterbewertete Autos<\/span><\/a><\/p>\n","protected":false},"author":5,"featured_media":297,"parent":0,"menu_order":0,"comment_status":"closed","ping_status":"open","template":"","meta":{"footnotes":""},"class_list":["post-242","page","type-page","status-publish","has-post-thumbnail"],"_links":{"self":[{"href":"https:\/\/www.elkmerkwaardig.nl\/emwalhalla\/wp-json\/wp\/v2\/pages\/242","targetHints":{"allow":["GET"]}}],"collection":[{"href":"https:\/\/www.elkmerkwaardig.nl\/emwalhalla\/wp-json\/wp\/v2\/pages"}],"about":[{"href":"https:\/\/www.elkmerkwaardig.nl\/emwalhalla\/wp-json\/wp\/v2\/types\/page"}],"author":[{"embeddable":true,"href":"https:\/\/www.elkmerkwaardig.nl\/emwalhalla\/wp-json\/wp\/v2\/users\/5"}],"replies":[{"embeddable":true,"href":"https:\/\/www.elkmerkwaardig.nl\/emwalhalla\/wp-json\/wp\/v2\/comments?post=242"}],"version-history":[{"count":14,"href":"https:\/\/www.elkmerkwaardig.nl\/emwalhalla\/wp-json\/wp\/v2\/pages\/242\/revisions"}],"predecessor-version":[{"id":316,"href":"https:\/\/www.elkmerkwaardig.nl\/emwalhalla\/wp-json\/wp\/v2\/pages\/242\/revisions\/316"}],"wp:featuredmedia":[{"embeddable":true,"href":"https:\/\/www.elkmerkwaardig.nl\/emwalhalla\/wp-json\/wp\/v2\/media\/297"}],"wp:attachment":[{"href":"https:\/\/www.elkmerkwaardig.nl\/emwalhalla\/wp-json\/wp\/v2\/media?parent=242"}],"curies":[{"name":"wp","href":"https:\/\/api.w.org\/{rel}","templated":true}]}}